{"id":645,"date":"2025-04-21T20:09:40","date_gmt":"2025-04-21T20:09:40","guid":{"rendered":"https:\/\/ituzaingo.gob.ar\/turismo\/?page_id=645"},"modified":"2025-04-22T20:20:49","modified_gmt":"2025-04-22T20:20:49","slug":"paraiso-natural","status":"publish","type":"page","link":"https:\/\/ituzaingo.gob.ar\/turismo\/paraiso-natural\/","title":{"rendered":"Para\u00edso Natural"},"content":{"rendered":"\n<h3 class=\"wp-block-heading\"><strong>\u00bfQUI\u00c9NES SOMOS?<\/strong><\/h3>\n\n\n\n<h4 class=\"wp-block-heading\"><strong>Ituzaing\u00f3: encuentro de culturas y naturaleza<\/strong><\/h4>\n\n\n\n<p>En Ituzaing\u00f3 se entrelazan siglos de historia y cultura, creando una identidad \u00fanica. Desde las ra\u00edces de las comunidades originarias y la herencia jesu\u00edtica, hasta las transformaciones modernas impulsadas por el proyecto hidroel\u00e9ctrico Yacyret\u00e1, cada rinc\u00f3n refleja una historia viva.<\/p>\n\n\n\n<p>Su legado guaran\u00ed se siente en las creencias, danzas, m\u00fasica y tradiciones que definen su esp\u00edritu. Rodeada por el majestuoso R\u00edo Paran\u00e1 y el ecosistema Iber\u00e1, Ituzaing\u00f3 es hogar de una flora y fauna incomparables. Aqu\u00ed, la riqueza cultural y natural se combina para ofrecer experiencias inolvidables.<\/p>\n\n\n\n<p>Descubre Ituzaing\u00f3: donde convive la tradici\u00f3n, la modernidad y la naturaleza.<\/p>\n\n\n\n<h4 class=\"wp-block-heading\">Recorridos y rincones con historia<\/h4>\n\n\n\n<div class=\"mini-menu\">\n  <ul>\n    <li><a href=\"#bienvenidos\">Bienvenidos a Ituzaing\u00f3<\/a><\/li>\n    <li><a href=\"#paraiso-natural\">Ituzaing\u00f3, un Para\u00edso Natural<\/a><\/li>\n    <li><a href=\"#marca-ciudad\">Marca Ciudad: Identidad y Futuro<\/a><\/li>\n  <\/ul>\n<\/div>\n\n\n<div id=\"metaslider-id-891\" style=\"max-width: 700px;\" class=\"ml-slider-3-106-0 metaslider metaslider-flex metaslider-891 ml-slider has-dots-nav ml-slider-lightbox-2-23-0 lightbox-disabled ms-theme-default-base\" role=\"region\" aria-label=\"Nueva presentaci\u00f3n de diapositivas\" data-width=\"700\">\n    <div id=\"metaslider_container_891\">\n        <div id=\"metaslider_891\">\n            <ul class='slides'>\n                <li style=\"display: block; width: 100%;\" class=\"slide-892 ms-image \" aria-roledescription=\"slide\" data-date=\"2025-04-22 20:09:37\" data-filename=\"barrio_1000_viv-700x525.jpg\" data-slide-type=\"image\"><img decoding=\"async\" src=\"https:\/\/ituzaingo.gob.ar\/turismo\/wp-content\/uploads\/2024\/11\/barrio_1000_viv-700x525.jpg\" width=\"700\" alt=\"\" class=\"slider-891 slide-892 msDefaultImage\" title=\"barrio_1000_viv\" \/><div class=\"caption-wrap\"><div class=\"caption\">Barrio 1000 Viviendas. Construido entre 1970 y 1980.  Colecci\u00f3n del hist\u00f3rico <\/div><\/div><\/li>\n                <li style=\"display: none; width: 100%;\" class=\"slide-893 ms-image \" aria-roledescription=\"slide\" data-date=\"2025-04-22 20:09:37\" data-filename=\"foto-area-pioneros-90s-scaled-700x511.jpg\" data-slide-type=\"image\"><img decoding=\"async\" src=\"https:\/\/ituzaingo.gob.ar\/turismo\/wp-content\/uploads\/2024\/11\/foto-area-pioneros-90s-scaled-700x511.jpg\" width=\"700\" alt=\"\" class=\"slider-891 slide-893 msDefaultImage\" title=\"foto area pioneros 90s\" \/><div class=\"caption-wrap\"><div class=\"caption\">Paseo Los Pioneros<\/div><\/div><\/li>\n                <li style=\"display: none; width: 100%;\" class=\"slide-894 ms-image \" aria-roledescription=\"slide\" data-date=\"2025-04-22 20:09:37\" data-filename=\"Principios-del-siglo-XX-Autor-Descnocido.-Coleccion-Privada-del-Museo-Manu-700x475.jpg\" data-slide-type=\"image\"><img decoding=\"async\" src=\"https:\/\/ituzaingo.gob.ar\/turismo\/wp-content\/uploads\/2024\/11\/Principios-del-siglo-XX-Autor-Descnocido.-Coleccion-Privada-del-Museo-Manu-700x475.jpg\" width=\"700\" alt=\"\" class=\"slider-891 slide-894 msDefaultImage\" title=\"Principios del siglo XX , Autor Descnocido. Coleccion Privada del Museo Manu\" \/><div class=\"caption-wrap\"><div class=\"caption\">Museo Familia Resoagli. Casa familiar del siglo XX <\/div><\/div><\/li>\n                <li style=\"display: none; width: 100%;\" class=\"slide-895 ms-image \" aria-roledescription=\"slide\" data-date=\"2025-04-22 20:09:37\" data-filename=\"vivienda-700x529.jpg\" data-slide-type=\"image\"><img decoding=\"async\" src=\"https:\/\/ituzaingo.gob.ar\/turismo\/wp-content\/uploads\/2024\/11\/vivienda-700x529.jpg\" width=\"700\" alt=\"\" class=\"slider-891 slide-895 msDefaultImage\" title=\"vivienda\" \/><div class=\"caption-wrap\"><div class=\"caption\">Vivienda Familiar t\u00edpica de Principios del Siglo XX  Gentileza Elena Romero <\/div><\/div><\/li>\n            <\/ul>\n        <\/div>\n        \n    <\/div>\n<\/div>\n\n\n\n<h3 class=\"wp-block-heading\"><strong>Bienvenidos a Ituzaing\u00f3<\/strong><\/h3>\n\n\n\n<p>Somos memoria guaran\u00ed-jesu\u00edtica, un rinc\u00f3n de paisajes con casas antiguas, calles y patios de arena. Nuestra historia vive en los bailes de sal\u00f3n, el chamam\u00e9, y en nuestras tierras de ganado y estancias. Somos un pueblo con marcadas creencias religiosas y paganas, creemos en Dios, santos, v\u00edrgenes, y tambi\u00e9n en mitos y la magia del pay\u00e9.<\/p>\n\n\n\n<p>Ituzaing\u00f3 es mestizaje, es comunidad de frontera, una sociedad en constante transformaci\u00f3n. Aqu\u00ed, somos la tierra del guaran\u00ed y lo jesu\u00edtico, del r\u00edo Paran\u00e1 y de la imponente Yacyret\u00e1.<\/p>\n\n\n\n<p>Descubre nuestra historia, nuestra cultura y la calidez de nuestro pueblo. \u00a1Bienvenidos a Ituzaing\u00f3, donde Corrientes se convierte en para\u00edso!<\/p>\n\n\n<div id=\"metaslider-id-898\" style=\"max-width: 700px;\" class=\"ml-slider-3-106-0 metaslider metaslider-flex metaslider-898 ml-slider has-dots-nav ml-slider-lightbox-2-23-0 lightbox-disabled ms-theme-default-base\" role=\"region\" aria-label=\"Nueva presentaci\u00f3n de diapositivas\" data-width=\"700\">\n    <div id=\"metaslider_container_898\">\n        <div id=\"metaslider_898\">\n            <ul class='slides'>\n                <li style=\"display: block; width: 100%;\" class=\"slide-899 ms-image \" aria-roledescription=\"slide\" data-date=\"2025-04-22 20:14:15\" data-filename=\"chamame-700x696.png\" data-slide-type=\"image\"><img decoding=\"async\" src=\"https:\/\/ituzaingo.gob.ar\/turismo\/wp-content\/uploads\/2024\/11\/chamame-700x696.png\" width=\"700\" alt=\"\" class=\"slider-898 slide-899 msDefaultImage\" title=\"chamame\" \/><div class=\"caption-wrap\"><div class=\"caption\">Chamam\u00e9  Fotograf\u00eda: Emiliano Mart\u00ednez <\/div><\/div><\/li>\n                <li style=\"display: none; width: 100%;\" class=\"slide-900 ms-image \" aria-roledescription=\"slide\" data-date=\"2025-04-22 20:14:16\" data-filename=\"Tradiciones-Cruce-de-brasas-scaled-700x466.jpg\" data-slide-type=\"image\"><img decoding=\"async\" src=\"https:\/\/ituzaingo.gob.ar\/turismo\/wp-content\/uploads\/2024\/11\/Tradiciones-Cruce-de-brasas-scaled-700x466.jpg\" width=\"700\" alt=\"\" class=\"slider-898 slide-900 msDefaultImage\" title=\"Tradiciones Cruce de brasas\" \/><div class=\"caption-wrap\"><div class=\"caption\">Tradiciones Cruce de brasas. Fiestas Patronales San Juan Bautista  Fotograf\u00eda: Juan Rotela <\/div><\/div><\/li>\n                <li style=\"display: none; width: 100%;\" class=\"slide-901 ms-image \" aria-roledescription=\"slide\" data-date=\"2025-04-22 20:14:16\" data-filename=\"Creencias-religiosas-scaled-700x525.jpeg\" data-slide-type=\"image\"><img decoding=\"async\" src=\"https:\/\/ituzaingo.gob.ar\/turismo\/wp-content\/uploads\/2024\/11\/Creencias-religiosas-scaled-700x525.jpeg\" width=\"700\" alt=\"\" class=\"slider-898 slide-901 msDefaultImage\" title=\"DCIM\/102MEDIA\/DJI_3984.JPG\" \/><div class=\"caption-wrap\"><div class=\"caption\">Creencias religiosas. Procesi\u00f3n Santo Patrono de Ituzaing\u00f3  Fotograf\u00eda: Mauro Acosta<\/div><\/div><\/li>\n                <li style=\"display: none; width: 100%;\" class=\"slide-902 ms-image \" aria-roledescription=\"slide\" data-date=\"2025-04-22 20:14:16\" data-filename=\"gauchos-700x554.jpg\" data-slide-type=\"image\"><img decoding=\"async\" src=\"https:\/\/ituzaingo.gob.ar\/turismo\/wp-content\/uploads\/2024\/11\/gauchos-700x554.jpg\" width=\"700\" alt=\"\" class=\"slider-898 slide-902 msDefaultImage\" title=\"gauchos\" \/><div class=\"caption-wrap\"><div class=\"caption\">Gauchos  Fotograf\u00eda: Juan Rotela <\/div><\/div><\/li>\n            <\/ul>\n        <\/div>\n        \n    <\/div>\n<\/div>\n\n\n\n<h3 class=\"wp-block-heading\">Una comunidad en transformaci\u00f3n<\/h3>\n\n\n\n<p>Somos una sociedad intercultural, multidimensional y en permanente evoluci\u00f3n. Comprender qui\u00e9nes somos y qu\u00e9 podemos ofrecer a quienes nos visitan nos invita a reconstruir los lazos con nuestra memoria, nuestra historia y nuestros anhelos. Reconocer nuestras ra\u00edces como sociedad nos ense\u00f1a a valorar los procesos que nos han moldeado. Somos m\u00e1s que nuestro pasado: somos una comunidad emergente, nacida de una historia \u00fanica y en constante cambio, protagonistas de una nueva correntinidad.<\/p>\n\n\n<div id=\"metaslider-id-904\" style=\"max-width: 700px;\" class=\"ml-slider-3-106-0 metaslider metaslider-flex metaslider-904 ml-slider has-dots-nav ml-slider-lightbox-2-23-0 lightbox-disabled ms-theme-default-base\" role=\"region\" aria-label=\"Nueva presentaci\u00f3n de diapositivas\" data-width=\"700\">\n    <div id=\"metaslider_container_904\">\n        <div id=\"metaslider_904\">\n            <ul class='slides'>\n                <li style=\"display: block; width: 100%;\" class=\"slide-906 ms-image \" aria-roledescription=\"slide\" data-date=\"2025-04-22 20:18:45\" data-filename=\"Playa-Paranagua-scaled-700x331.jpg\" data-slide-type=\"image\"><img decoding=\"async\" src=\"https:\/\/ituzaingo.gob.ar\/turismo\/wp-content\/uploads\/2024\/11\/Playa-Paranagua-scaled-700x331.jpg\" width=\"700\" alt=\"\" class=\"slider-904 slide-906 msDefaultImage\" title=\"Playa Paranagu\u00e1\" \/><div class=\"caption-wrap\"><div class=\"caption\">Playa Paranagu\u00e1  Fotograf\u00eda: Juan Rotela <\/div><\/div><\/li>\n                <li style=\"display: none; width: 100%;\" class=\"slide-907 ms-image \" aria-roledescription=\"slide\" data-date=\"2025-04-22 20:18:45\" data-filename=\"Carnavales-scaled-700x393.jpg\" data-slide-type=\"image\"><img decoding=\"async\" src=\"https:\/\/ituzaingo.gob.ar\/turismo\/wp-content\/uploads\/2024\/11\/Carnavales-scaled-700x393.jpg\" width=\"700\" alt=\"\" class=\"slider-904 slide-907 msDefaultImage\" title=\"Carnavales\" \/><div class=\"caption-wrap\"><div class=\"caption\">Carnavales  Fotograf\u00eda: Federico Bonamino <\/div><\/div><\/li>\n                <li style=\"display: none; width: 100%;\" class=\"slide-908 ms-image \" aria-roledescription=\"slide\" data-date=\"2025-04-22 20:18:46\" data-filename=\"Vertedero-Principal-700x469.jpg\" data-slide-type=\"image\"><img decoding=\"async\" src=\"https:\/\/ituzaingo.gob.ar\/turismo\/wp-content\/uploads\/2024\/11\/Vertedero-Principal-700x469.jpg\" width=\"700\" alt=\"\" class=\"slider-904 slide-908 msDefaultImage\" title=\"Vertedero Principal\" \/><div class=\"caption-wrap\"><div class=\"caption\">Vertedero Principal  Represa Hidroel\u00e9ctrica Yacyret\u00e1 <\/div><\/div><\/li>\n                <li style=\"display: none; width: 100%;\" class=\"slide-909 ms-image \" aria-roledescription=\"slide\" data-date=\"2025-04-22 20:18:46\" data-filename=\"Yerra-y-doma-correntina-700x448.jpg\" data-slide-type=\"image\"><img decoding=\"async\" src=\"https:\/\/ituzaingo.gob.ar\/turismo\/wp-content\/uploads\/2024\/11\/Yerra-y-doma-correntina-700x448.jpg\" width=\"700\" alt=\"\" class=\"slider-904 slide-909 msDefaultImage\" title=\"Yerra y doma correntina\" \/><div class=\"caption-wrap\"><div class=\"caption\">Yerra y doma correntina  Fotograf\u00eda: Emiliano Mart\u00ednez <\/div><\/div><\/li>\n            <\/ul>\n        <\/div>\n        \n    <\/div>\n<\/div>\n\n\n\n<h4 class=\"wp-block-heading\"><strong>Ituzaing\u00f3, un Para\u00edso Natural<\/strong><\/h4>\n\n\n\n<p>A orillas del majestuoso R\u00edo Paran\u00e1, Ituzaing\u00f3 se erige como un destino de ensue\u00f1o, ofreciendo 25 kil\u00f3metros de playas de finas arenas y aguas cristalinas, enmarcadas por imponentes barrancas que cautivan a locales y visitantes. Este rinc\u00f3n \u00fanico, preparado para el turismo regional, nacional e internacional, es el escenario perfecto para disfrutar de actividades acu\u00e1ticas, deportes, desfiles, espect\u00e1culos musicales y mucho m\u00e1s.<\/p>\n\n\n\n<p>Las playas de Ituzaing\u00f3 son un espect\u00e1culo en s\u00ed mismas, especialmente al atardecer, cuando el sol pinta sobre el r\u00edo reflejos dorados y anaranjados que parecen fuego danzante. Pero la experiencia no termina all\u00ed, cada rinc\u00f3n de la ciudad invita a descubrir su magia durante todo el a\u00f1o.<\/p>\n\n\n\n<p>Pasear por las costas es una experiencia inolvidable. Ya sea en bicicleta, a pie o simplemente contemplando el paisaje, las barrancas ofrecen una conexi\u00f3n \u00fanica con la naturaleza.<\/p>\n\n\n\n<p>Para los amantes de la vida silvestre, Ituzaing\u00f3 brinda acceso a uno de los humedales m\u00e1s emblem\u00e1ticos del mundo, los Esteros del Iber\u00e1, hogar de una rica biodiversidad y reconocido internacionalmente por su valor ecol\u00f3gico y su belleza incomparable.<\/p>\n\n\n\n<p>Ven\u00ed a Ituzaing\u00f3 y d\u00e9jate enamorar por la serenidad de sus paisajes, la calidez de su gente y la riqueza de su entorno natural.<\/p>\n\n\n<div id=\"metaslider-id-910\" style=\"max-width: 700px;\" class=\"ml-slider-3-106-0 metaslider metaslider-flex metaslider-910 ml-slider has-dots-nav ml-slider-lightbox-2-23-0 lightbox-disabled ms-theme-default-base\" role=\"region\" aria-label=\"Nueva presentaci\u00f3n de diapositivas\" data-width=\"700\">\n    <div id=\"metaslider_container_910\">\n        <div id=\"metaslider_910\">\n            <ul class='slides'>\n                <li style=\"display: block; width: 100%;\" class=\"slide-911 ms-image \" aria-roledescription=\"slide\" data-date=\"2025-04-22 20:19:58\" data-filename=\"Atardecer-en-la-playa-scaled-700x354.jpg\" data-slide-type=\"image\"><img decoding=\"async\" src=\"https:\/\/ituzaingo.gob.ar\/turismo\/wp-content\/uploads\/2024\/11\/Atardecer-en-la-playa-scaled-700x354.jpg\" width=\"700\" alt=\"\" class=\"slider-910 slide-911 msDefaultImage\" title=\"Atardecer en la playa\" \/><\/li>\n                <li style=\"display: none; width: 100%;\" class=\"slide-912 ms-image \" aria-roledescription=\"slide\" data-date=\"2025-04-22 20:19:58\" data-filename=\"Playa-Stella-Maris-scaled-700x393.jpeg\" data-slide-type=\"image\"><img decoding=\"async\" src=\"https:\/\/ituzaingo.gob.ar\/turismo\/wp-content\/uploads\/2024\/11\/Playa-Stella-Maris-scaled-700x393.jpeg\" width=\"700\" alt=\"\" class=\"slider-910 slide-912 msDefaultImage\" title=\"DCIM103MEDIADJI_0592.JPG\" \/><div class=\"caption-wrap\"><div class=\"caption\">DCIM103MEDIADJI_0592.JPG<\/div><\/div><\/li>\n                <li style=\"display: none; width: 100%;\" class=\"slide-913 ms-image \" aria-roledescription=\"slide\" data-date=\"2025-04-22 20:19:58\" data-filename=\"Reserva-Cambyreta-scaled-700x525.jpeg\" data-slide-type=\"image\"><img decoding=\"async\" src=\"https:\/\/ituzaingo.gob.ar\/turismo\/wp-content\/uploads\/2024\/11\/Reserva-Cambyreta-scaled-700x525.jpeg\" width=\"700\" alt=\"\" class=\"slider-910 slide-913 msDefaultImage\" title=\"DCIM\/102MEDIA\/DJI_2083.JPG\" \/><div class=\"caption-wrap\"><div class=\"caption\">DCIM\/102MEDIA\/DJI_2083.JPG<\/div><\/div><\/li>\n                <li style=\"display: none; width: 100%;\" class=\"slide-914 ms-image \" aria-roledescription=\"slide\" data-date=\"2025-04-22 20:19:59\" data-filename=\"Encuentro-de-Parapentes-scaled-700x393.jpeg\" data-slide-type=\"image\"><img decoding=\"async\" src=\"https:\/\/ituzaingo.gob.ar\/turismo\/wp-content\/uploads\/2024\/11\/Encuentro-de-Parapentes-scaled-700x393.jpeg\" width=\"700\" alt=\"\" class=\"slider-910 slide-914 msDefaultImage\" title=\"DCIM100MEDIADJI_0894.JPG\" \/><div class=\"caption-wrap\"><div class=\"caption\">DCIM100MEDIADJI_0894.JPG<\/div><\/div><\/li>\n            <\/ul>\n        <\/div>\n        \n    <\/div>\n<\/div>\n\n\n\n<h4 class=\"wp-block-heading\"><strong>Bienvenidos a Ituzaing\u00f3: Marca Ciudad<\/strong><\/h4>\n\n\n\n<p>Ituzaing\u00f3 ha transformado su identidad a trav\u00e9s de la Marca Ciudad, un proyecto que refleja el compromiso colectivo de cada vecino, desde lo social, cultural, ambiental y humano, para construir una ciudad pr\u00f3spera y unida.<\/p>\n\n\n\n<p>La Marca Ciudad no solo es un s\u00edmbolo, es nuestro reflejo. Representa el amanecer y el atardecer que pintan de amarillos, naranjas y rojos el horizonte, en armon\u00eda con los verdes de la naturaleza y el azul del r\u00edo Paran\u00e1. Nos conecta con nuestra identidad como ituzaingue\u00f1os, orgullosos de nuestras riquezas naturales: las extensas playas, los Esteros del Iber\u00e1, las Islas, y la paz que se respira en nuestra ciudad.<\/p>\n\n\n\n<p>La Marca Ciudad tambi\u00e9n es progreso: un emblema que posiciona a Ituzaing\u00f3 en nuevas oportunidades de desarrollo y crecimiento, con el compromiso de avanzar juntos hacia un futuro mejor.<\/p>\n\n\n\n<figure class=\"wp-block-image size-medium\"><img loading=\"lazy\" decoding=\"async\" width=\"300\" height=\"71\" src=\"https:\/\/ituzaingo.gob.ar\/turismo\/wp-content\/uploads\/2024\/11\/horizontal-registrada-300x71.png\" alt=\"\" class=\"wp-image-182 ml-lightbox-enabled\" srcset=\"https:\/\/ituzaingo.gob.ar\/turismo\/wp-content\/uploads\/2024\/11\/horizontal-registrada-300x71.png 300w, https:\/\/ituzaingo.gob.ar\/turismo\/wp-content\/uploads\/2024\/11\/horizontal-registrada-1024x242.png 1024w, https:\/\/ituzaingo.gob.ar\/turismo\/wp-content\/uploads\/2024\/11\/horizontal-registrada-768x182.png 768w, https:\/\/ituzaingo.gob.ar\/turismo\/wp-content\/uploads\/2024\/11\/horizontal-registrada-1536x363.png 1536w, https:\/\/ituzaingo.gob.ar\/turismo\/wp-content\/uploads\/2024\/11\/horizontal-registrada-2048x484.png 2048w\" sizes=\"auto, (max-width: 300px) 100vw, 300px\" \/><\/figure>\n\n\n\n<hr class=\"wp-block-separator alignfull has-alpha-channel-opacity\"\/>\n\n\n\n<p><\/p>\n","protected":false},"excerpt":{"rendered":"<p>\u00bfQUI\u00c9NES SOMOS? Ituzaing\u00f3: encuentro de culturas y naturaleza En Ituzaing\u00f3 se entrelazan siglos de historia y cultura, creando una identidad \u00fanica. Desde las ra\u00edces de las comunidades originarias y la herencia jesu\u00edtica, hasta las transformaciones modernas impulsadas por el proyecto hidroel\u00e9ctrico Yacyret\u00e1, cada rinc\u00f3n refleja una historia viva. Su legado guaran\u00ed se siente en las [&hellip;]<\/p>\n","protected":false},"author":2,"featured_media":0,"parent":0,"menu_order":0,"comment_status":"closed","ping_status":"closed","template":"","meta":{"footnotes":""},"class_list":["post-645","page","type-page","status-publish","hentry"],"blocksy_meta":[],"_links":{"self":[{"href":"https:\/\/ituzaingo.gob.ar\/turismo\/wp-json\/wp\/v2\/pages\/645","targetHints":{"allow":["GET"]}}],"collection":[{"href":"https:\/\/ituzaingo.gob.ar\/turismo\/wp-json\/wp\/v2\/pages"}],"about":[{"href":"https:\/\/ituzaingo.gob.ar\/turismo\/wp-json\/wp\/v2\/types\/page"}],"author":[{"embeddable":true,"href":"https:\/\/ituzaingo.gob.ar\/turismo\/wp-json\/wp\/v2\/users\/2"}],"replies":[{"embeddable":true,"href":"https:\/\/ituzaingo.gob.ar\/turismo\/wp-json\/wp\/v2\/comments?post=645"}],"version-history":[{"count":35,"href":"https:\/\/ituzaingo.gob.ar\/turismo\/wp-json\/wp\/v2\/pages\/645\/revisions"}],"predecessor-version":[{"id":915,"href":"https:\/\/ituzaingo.gob.ar\/turismo\/wp-json\/wp\/v2\/pages\/645\/revisions\/915"}],"wp:attachment":[{"href":"https:\/\/ituzaingo.gob.ar\/turismo\/wp-json\/wp\/v2\/media?parent=645"}],"curies":[{"name":"wp","href":"https:\/\/api.w.org\/{rel}","templated":true}]}}